{"id":7623,"date":"2022-01-04T20:17:43","date_gmt":"2022-01-04T20:17:43","guid":{"rendered":"https:\/\/faulknerwine.dreamhosters.com\/jules\/cabernet-sauvignon-rouge\/"},"modified":"2022-06-13T10:30:36","modified_gmt":"2022-06-13T10:30:36","slug":"cabernet-sauvignon-rouge","status":"publish","type":"page","link":"https:\/\/faulknerwine.com\/fr\/jules\/cabernet-sauvignon-rouge\/","title":{"rendered":"Cabernet Sauvignon Rouge"},"content":{"rendered":"\t\t<div data-elementor-type=\"wp-page\" data-elementor-id=\"7623\" class=\"elementor elementor-7623 elementor-2554\" data-elementor-settings=\"{&quot;ha_cmc_init_switcher&quot;:&quot;no&quot;}\" data-elementor-post-type=\"page\">\n\t\t\t\t\t\t<section class=\"elementor-section elementor-top-section elementor-element elementor-element-6737427 elementor-section-boxed elementor-section-height-default elementor-section-height-default\" data-id=\"6737427\" data-element_type=\"section\" data-e-type=\"section\" data-settings=\"{&quot;_ha_eqh_enable&quot;:false}\">\n\t\t\t\t\t\t<div class=\"elementor-container elementor-column-gap-default\">\n\t\t\t\t\t<div class=\"elementor-column elementor-col-50 elementor-top-column elementor-element elementor-element-25a043d animated-slow elementor-invisible\" data-id=\"25a043d\" data-element_type=\"column\" data-e-type=\"column\" data-settings=\"{&quot;animation&quot;:&quot;fadeInLeft&quot;}\">\n\t\t\t<div class=\"elementor-widget-wrap elementor-element-populated\">\n\t\t\t\t\t\t<div class=\"elementor-element elementor-element-29e388d elementor-widget elementor-widget-image\" data-id=\"29e388d\" data-element_type=\"widget\" data-e-type=\"widget\" data-widget_type=\"image.default\">\n\t\t\t\t<div class=\"elementor-widget-container\">\n\t\t\t\t\t\t\t\t\t\t\t\t\t\t\t<img decoding=\"async\" src=\"https:\/\/faulknerwine.com\/wp-content\/uploads\/elementor\/thumbs\/jules-cabernet-pij84lhu16qxxzjk45tnaccsn3kmtrnktehwqwtkgk.png\" title=\"jules-cabernet\" alt=\"jules-cabernet\" loading=\"lazy\" \/>\t\t\t\t\t\t\t\t\t\t\t\t\t\t\t<\/div>\n\t\t\t\t<\/div>\n\t\t\t\t\t<\/div>\n\t\t<\/div>\n\t\t\t\t<div class=\"elementor-column elementor-col-50 elementor-top-column elementor-element elementor-element-2644565 animated-slow elementor-invisible\" data-id=\"2644565\" data-element_type=\"column\" data-e-type=\"column\" data-settings=\"{&quot;animation&quot;:&quot;fadeInRight&quot;}\">\n\t\t\t<div class=\"elementor-widget-wrap elementor-element-populated\">\n\t\t\t\t\t\t<div class=\"elementor-element elementor-element-7223b6f elementor-widget elementor-widget-heading\" data-id=\"7223b6f\" data-element_type=\"widget\" data-e-type=\"widget\" data-widget_type=\"heading.default\">\n\t\t\t\t<div class=\"elementor-widget-container\">\n\t\t\t\t\t<h2 class=\"elementor-heading-title elementor-size-default\">JULES<\/h2>\t\t\t\t<\/div>\n\t\t\t\t<\/div>\n\t\t\t\t<div class=\"elementor-element elementor-element-19dde89 elementor-widget elementor-widget-heading\" data-id=\"19dde89\" data-element_type=\"widget\" data-e-type=\"widget\" data-widget_type=\"heading.default\">\n\t\t\t\t<div class=\"elementor-widget-container\">\n\t\t\t\t\t<h1 class=\"elementor-heading-title elementor-size-default\">Cabernet Sauvignon IGP Pays d'Oc Red<\/h1>\t\t\t\t<\/div>\n\t\t\t\t<\/div>\n\t\t\t\t<div class=\"elementor-element elementor-element-d5553d7 elementor-widget elementor-widget-text-editor\" data-id=\"d5553d7\" data-element_type=\"widget\" data-e-type=\"widget\" data-widget_type=\"text-editor.default\">\n\t\t\t\t<div class=\"elementor-widget-container\">\n\t\t\t\t\t\t\t\t\t<div class=\"product-single__description rte\"><div class=\"row-fluid-wrapper row-depth-1 row-number-2 dnd_area-row-1-padding dnd_area-row-1-vertical-alignment dnd_area-row-1-background-color dnd-section\"><div class=\"row-fluid\"><div class=\"span12 widget-span widget-type-custom_widget dnd_area-module-2-vertical-alignment dnd-module\" data-widget-type=\"custom_widget\" data-x=\"0\" data-w=\"12\"><div id=\"hs_cos_wrapper_dnd_area-module-2\" class=\"hs_cos_wrapper hs_cos_wrapper_widget hs_cos_wrapper_type_module widget-type-rich_text\" data-hs-cos-general-type=\"widget\" data-hs-cos-type=\"module\"><div class=\"product-single__description rte\"><div class=\"row-fluid-wrapper row-depth-1 row-number-2 dnd_area-row-1-padding dnd_area-row-1-vertical-alignment dnd_area-row-1-background-color dnd-section\"><div class=\"row-fluid\"><div class=\"span12 widget-span widget-type-custom_widget dnd_area-module-2-vertical-alignment dnd-module\" data-w=\"12\" data-x=\"0\" data-widget-type=\"custom_widget\"><div id=\"hs_cos_wrapper_dnd_area-module-2\" class=\"hs_cos_wrapper hs_cos_wrapper_widget hs_cos_wrapper_type_module widget-type-rich_text\" data-hs-cos-type=\"module\" data-hs-cos-general-type=\"widget\"><div class=\"product-single__description rte\"><div class=\"row-fluid-wrapper row-depth-1 row-number-2 dnd_area-row-1-padding dnd_area-row-1-vertical-alignment dnd_area-row-1-background-color dnd-section\"><div class=\"row-fluid\"><div class=\"span12 widget-span widget-type-custom_widget dnd_area-module-2-vertical-alignment dnd-module\" data-widget-type=\"custom_widget\" data-x=\"0\" data-w=\"12\"><div id=\"hs_cos_wrapper_dnd_area-module-2\" class=\"hs_cos_wrapper hs_cos_wrapper_widget hs_cos_wrapper_type_module widget-type-rich_text\" data-hs-cos-general-type=\"widget\" data-hs-cos-type=\"module\"><p>Le nez annonce un Cabernet Sauvignon tr\u00e8s m\u00fbr avec un m\u00e9lange complexe d&rsquo;\u00e9pices et de fruits noirs. L&rsquo;attaque est ronde avec des tanins fins offrant une finale \u00e9tonnamment soyeuse pour un jeune Cabernet.<\/p><\/div><\/div><\/div><\/div><\/div><\/div><\/div><\/div><\/div><\/div><\/div><\/div><\/div><\/div><\/div>\t\t\t\t\t\t\t\t<\/div>\n\t\t\t\t<\/div>\n\t\t\t\t<div class=\"elementor-element elementor-element-4abc050 elementor-widget elementor-widget-toggle\" data-id=\"4abc050\" data-element_type=\"widget\" data-e-type=\"widget\" data-widget_type=\"toggle.default\">\n\t\t\t\t<div class=\"elementor-widget-container\">\n\t\t\t\t\t\t\t<div class=\"elementor-toggle\">\n\t\t\t\t\t\t\t<div class=\"elementor-toggle-item\">\n\t\t\t\t\t<div id=\"elementor-tab-title-7831\" class=\"elementor-tab-title\" data-tab=\"1\" role=\"button\" aria-controls=\"elementor-tab-content-7831\" aria-expanded=\"false\">\n\t\t\t\t\t\t\t\t\t\t\t\t<span class=\"elementor-toggle-icon elementor-toggle-icon-left\" aria-hidden=\"true\">\n\t\t\t\t\t\t\t\t\t\t\t\t\t\t\t<span class=\"elementor-toggle-icon-closed\"><i class=\"fas fa-caret-right\"><\/i><\/span>\n\t\t\t\t\t\t\t\t<span class=\"elementor-toggle-icon-opened\"><i class=\"elementor-toggle-icon-opened fas fa-caret-up\"><\/i><\/span>\n\t\t\t\t\t\t\t\t\t\t\t\t\t<\/span>\n\t\t\t\t\t\t\t\t\t\t\t\t<a class=\"elementor-toggle-title\" tabindex=\"0\">TERROIR<\/a>\n\t\t\t\t\t<\/div>\n\n\t\t\t\t\t<div id=\"elementor-tab-content-7831\" class=\"elementor-tab-content elementor-clearfix\" data-tab=\"1\" role=\"region\" aria-labelledby=\"elementor-tab-title-7831\"><div id=\"Product-content-climate-6808476123336-6808476123336\" class=\"collapsible-content collapsible-content--all is-open\"><div class=\"collapsible-content__inner rte\"><div id=\"Product-content-climate-7-6808475795656-6808475795656\" class=\"collapsible-content collapsible-content--all is-open\"><div class=\"collapsible-content__inner rte\"><div id=\"Product-content-climate-13-6886250119368-6886250119368\" class=\"collapsible-content collapsible-content--all is-open\"><div class=\"collapsible-content__inner rte\"><p>Argilo-calcaire \u00e0 170 m\u00e8tres d&rsquo;altitude.<\/p><\/div><\/div><\/div><\/div><\/div><\/div><\/div>\n\t\t\t\t<\/div>\n\t\t\t\t\t\t\t<div class=\"elementor-toggle-item\">\n\t\t\t\t\t<div id=\"elementor-tab-title-7832\" class=\"elementor-tab-title\" data-tab=\"2\" role=\"button\" aria-controls=\"elementor-tab-content-7832\" aria-expanded=\"false\">\n\t\t\t\t\t\t\t\t\t\t\t\t<span class=\"elementor-toggle-icon elementor-toggle-icon-left\" aria-hidden=\"true\">\n\t\t\t\t\t\t\t\t\t\t\t\t\t\t\t<span class=\"elementor-toggle-icon-closed\"><i class=\"fas fa-caret-right\"><\/i><\/span>\n\t\t\t\t\t\t\t\t<span class=\"elementor-toggle-icon-opened\"><i class=\"elementor-toggle-icon-opened fas fa-caret-up\"><\/i><\/span>\n\t\t\t\t\t\t\t\t\t\t\t\t\t<\/span>\n\t\t\t\t\t\t\t\t\t\t\t\t<a class=\"elementor-toggle-title\" tabindex=\"0\">CLIMAT<\/a>\n\t\t\t\t\t<\/div>\n\n\t\t\t\t\t<div id=\"elementor-tab-content-7832\" class=\"elementor-tab-content elementor-clearfix\" data-tab=\"2\" role=\"region\" aria-labelledby=\"elementor-tab-title-7832\"><div id=\"Product-content-climate-6808476123336-6808476123336\" class=\"collapsible-content collapsible-content--all is-open\"><div class=\"collapsible-content__inner rte\"><div id=\"Product-content-climate-7-6808475795656-6808475795656\" class=\"collapsible-content collapsible-content--all is-open\"><div class=\"collapsible-content__inner rte\"><div id=\"Product-content-climate-13-6886250119368-6886250119368\" class=\"collapsible-content collapsible-content--all is-open\"><div class=\"collapsible-content__inner rte\"><p>2014 a \u00e9t\u00e9 particuli\u00e8rement chaud et sec avec des rendements naturellement faibles.<\/p><\/div><\/div><\/div><\/div><\/div><\/div><\/div>\n\t\t\t\t<\/div>\n\t\t\t\t\t\t\t<div class=\"elementor-toggle-item\">\n\t\t\t\t\t<div id=\"elementor-tab-title-7833\" class=\"elementor-tab-title\" data-tab=\"3\" role=\"button\" aria-controls=\"elementor-tab-content-7833\" aria-expanded=\"false\">\n\t\t\t\t\t\t\t\t\t\t\t\t<span class=\"elementor-toggle-icon elementor-toggle-icon-left\" aria-hidden=\"true\">\n\t\t\t\t\t\t\t\t\t\t\t\t\t\t\t<span class=\"elementor-toggle-icon-closed\"><i class=\"fas fa-caret-right\"><\/i><\/span>\n\t\t\t\t\t\t\t\t<span class=\"elementor-toggle-icon-opened\"><i class=\"elementor-toggle-icon-opened fas fa-caret-up\"><\/i><\/span>\n\t\t\t\t\t\t\t\t\t\t\t\t\t<\/span>\n\t\t\t\t\t\t\t\t\t\t\t\t<a class=\"elementor-toggle-title\" tabindex=\"0\">C\u00c9PAGES<\/a>\n\t\t\t\t\t<\/div>\n\n\t\t\t\t\t<div id=\"elementor-tab-content-7833\" class=\"elementor-tab-content elementor-clearfix\" data-tab=\"3\" role=\"region\" aria-labelledby=\"elementor-tab-title-7833\"><div id=\"Product-content-grape-varieties-6808476123336-6808476123336\" class=\"collapsible-content collapsible-content--all is-open\"><div class=\"collapsible-content__inner rte\"><div id=\"Product-content-grape-varieties-3-6808475795656-6808475795656\" class=\"collapsible-content collapsible-content--all is-open\"><div class=\"collapsible-content__inner rte\"><div id=\"Product-content-grape-varieties-2-6886250119368-6886250119368\" class=\"collapsible-content collapsible-content--all is-open\"><div class=\"collapsible-content__inner rte\"><p>Cabernet Sauvignon: Vignes de 30 ans plant\u00e9es \u00e0 4000 pieds par ha.<\/p><\/div><\/div><\/div><\/div><\/div><\/div><\/div>\n\t\t\t\t<\/div>\n\t\t\t\t\t\t\t<div class=\"elementor-toggle-item\">\n\t\t\t\t\t<div id=\"elementor-tab-title-7834\" class=\"elementor-tab-title\" data-tab=\"4\" role=\"button\" aria-controls=\"elementor-tab-content-7834\" aria-expanded=\"false\">\n\t\t\t\t\t\t\t\t\t\t\t\t<span class=\"elementor-toggle-icon elementor-toggle-icon-left\" aria-hidden=\"true\">\n\t\t\t\t\t\t\t\t\t\t\t\t\t\t\t<span class=\"elementor-toggle-icon-closed\"><i class=\"fas fa-caret-right\"><\/i><\/span>\n\t\t\t\t\t\t\t\t<span class=\"elementor-toggle-icon-opened\"><i class=\"elementor-toggle-icon-opened fas fa-caret-up\"><\/i><\/span>\n\t\t\t\t\t\t\t\t\t\t\t\t\t<\/span>\n\t\t\t\t\t\t\t\t\t\t\t\t<a class=\"elementor-toggle-title\" tabindex=\"0\">M\u00c9THODES AGRICOLES<\/a>\n\t\t\t\t\t<\/div>\n\n\t\t\t\t\t<div id=\"elementor-tab-content-7834\" class=\"elementor-tab-content elementor-clearfix\" data-tab=\"4\" role=\"region\" aria-labelledby=\"elementor-tab-title-7834\"><div id=\"Product-content-grape-varieties-6808476123336-6808476123336\" class=\"collapsible-content collapsible-content--all is-open\"><div class=\"collapsible-content__inner rte\"><div id=\"Product-content-grape-varieties-3-6808475795656-6808475795656\" class=\"collapsible-content collapsible-content--all is-open\"><div class=\"collapsible-content__inner rte\"><div id=\"Product-content-grape-varieties-2-6886250119368-6886250119368\" class=\"collapsible-content collapsible-content--all is-open\"><div class=\"collapsible-content__inner rte\"><p>Selon la charte officielle de l&rsquo;agriculture raisonn\u00e9e. Les vignes sont paliss\u00e9es pour un maximum de feuillage.<\/p><\/div><\/div><\/div><\/div><\/div><\/div><\/div>\n\t\t\t\t<\/div>\n\t\t\t\t\t\t\t<div class=\"elementor-toggle-item\">\n\t\t\t\t\t<div id=\"elementor-tab-title-7835\" class=\"elementor-tab-title\" data-tab=\"5\" role=\"button\" aria-controls=\"elementor-tab-content-7835\" aria-expanded=\"false\">\n\t\t\t\t\t\t\t\t\t\t\t\t<span class=\"elementor-toggle-icon elementor-toggle-icon-left\" aria-hidden=\"true\">\n\t\t\t\t\t\t\t\t\t\t\t\t\t\t\t<span class=\"elementor-toggle-icon-closed\"><i class=\"fas fa-caret-right\"><\/i><\/span>\n\t\t\t\t\t\t\t\t<span class=\"elementor-toggle-icon-opened\"><i class=\"elementor-toggle-icon-opened fas fa-caret-up\"><\/i><\/span>\n\t\t\t\t\t\t\t\t\t\t\t\t\t<\/span>\n\t\t\t\t\t\t\t\t\t\t\t\t<a class=\"elementor-toggle-title\" tabindex=\"0\">VENDANGE<\/a>\n\t\t\t\t\t<\/div>\n\n\t\t\t\t\t<div id=\"elementor-tab-content-7835\" class=\"elementor-tab-content elementor-clearfix\" data-tab=\"5\" role=\"region\" aria-labelledby=\"elementor-tab-title-7835\"><div id=\"Product-content-grape-varieties-6808476123336-6808476123336\" class=\"collapsible-content collapsible-content--all is-open\"><div class=\"collapsible-content__inner rte\"><div id=\"Product-content-grape-varieties-3-6808475795656-6808475795656\" class=\"collapsible-content collapsible-content--all is-open\"><div class=\"collapsible-content__inner rte\"><div id=\"Product-content-grape-varieties-2-6886250119368-6886250119368\" class=\"collapsible-content collapsible-content--all is-open\"><div class=\"collapsible-content__inner rte\"><p>M\u00e9caniquement avec des rendements de 50 hl par ha.<\/p><\/div><\/div><\/div><\/div><\/div><\/div><\/div>\n\t\t\t\t<\/div>\n\t\t\t\t\t\t\t<div class=\"elementor-toggle-item\">\n\t\t\t\t\t<div id=\"elementor-tab-title-7836\" class=\"elementor-tab-title\" data-tab=\"6\" role=\"button\" aria-controls=\"elementor-tab-content-7836\" aria-expanded=\"false\">\n\t\t\t\t\t\t\t\t\t\t\t\t<span class=\"elementor-toggle-icon elementor-toggle-icon-left\" aria-hidden=\"true\">\n\t\t\t\t\t\t\t\t\t\t\t\t\t\t\t<span class=\"elementor-toggle-icon-closed\"><i class=\"fas fa-caret-right\"><\/i><\/span>\n\t\t\t\t\t\t\t\t<span class=\"elementor-toggle-icon-opened\"><i class=\"elementor-toggle-icon-opened fas fa-caret-up\"><\/i><\/span>\n\t\t\t\t\t\t\t\t\t\t\t\t\t<\/span>\n\t\t\t\t\t\t\t\t\t\t\t\t<a class=\"elementor-toggle-title\" tabindex=\"0\">VINIFICATION<\/a>\n\t\t\t\t\t<\/div>\n\n\t\t\t\t\t<div id=\"elementor-tab-content-7836\" class=\"elementor-tab-content elementor-clearfix\" data-tab=\"6\" role=\"region\" aria-labelledby=\"elementor-tab-title-7836\"><div id=\"Product-content-grape-varieties-6808476123336-6808476123336\" class=\"collapsible-content collapsible-content--all is-open\"><div class=\"collapsible-content__inner rte\"><div id=\"Product-content-grape-varieties-3-6808475795656-6808475795656\" class=\"collapsible-content collapsible-content--all is-open\"><div class=\"collapsible-content__inner rte\"><div id=\"Product-content-grape-varieties-2-6886250119368-6886250119368\" class=\"collapsible-content collapsible-content--all is-open\"><div class=\"collapsible-content__inner rte\"><p>Les raisins sont \u00e9grapp\u00e9s, foul\u00e9s et mac\u00e9r\u00e9s \u00e0 froid pendant 8 jours. La fermentation est maintenue \u00e0 20-22\u00b0C pendant environ 3 semaines. La fermentation malolactique est r\u00e9alis\u00e9e avec les peaux. Il y a une certaine micro-oxyg\u00e9nation apr\u00e8s la fermentation.<\/p><\/div><\/div><\/div><\/div><\/div><\/div><\/div>\n\t\t\t\t<\/div>\n\t\t\t\t\t\t\t<div class=\"elementor-toggle-item\">\n\t\t\t\t\t<div id=\"elementor-tab-title-7837\" class=\"elementor-tab-title\" data-tab=\"7\" role=\"button\" aria-controls=\"elementor-tab-content-7837\" aria-expanded=\"false\">\n\t\t\t\t\t\t\t\t\t\t\t\t<span class=\"elementor-toggle-icon elementor-toggle-icon-left\" aria-hidden=\"true\">\n\t\t\t\t\t\t\t\t\t\t\t\t\t\t\t<span class=\"elementor-toggle-icon-closed\"><i class=\"fas fa-caret-right\"><\/i><\/span>\n\t\t\t\t\t\t\t\t<span class=\"elementor-toggle-icon-opened\"><i class=\"elementor-toggle-icon-opened fas fa-caret-up\"><\/i><\/span>\n\t\t\t\t\t\t\t\t\t\t\t\t\t<\/span>\n\t\t\t\t\t\t\t\t\t\t\t\t<a class=\"elementor-toggle-title\" tabindex=\"0\">ELEVAGE ET MISE EN BOUTEILLE<\/a>\n\t\t\t\t\t<\/div>\n\n\t\t\t\t\t<div id=\"elementor-tab-content-7837\" class=\"elementor-tab-content elementor-clearfix\" data-tab=\"7\" role=\"region\" aria-labelledby=\"elementor-tab-title-7837\"><div id=\"Product-content-grape-varieties-6808476123336-6808476123336\" class=\"collapsible-content collapsible-content--all is-open\"><div class=\"collapsible-content__inner rte\"><div id=\"Product-content-grape-varieties-3-6808475795656-6808475795656\" class=\"collapsible-content collapsible-content--all is-open\"><div class=\"collapsible-content__inner rte\"><div id=\"Product-content-grape-varieties-2-6886250119368-6886250119368\" class=\"collapsible-content collapsible-content--all is-open\"><div class=\"collapsible-content__inner rte\"><p>En cuve et mise en bouteille au printemps.<\/p><\/div><\/div><\/div><\/div><\/div><\/div><\/div>\n\t\t\t\t<\/div>\n\t\t\t\t\t\t\t<div class=\"elementor-toggle-item\">\n\t\t\t\t\t<div id=\"elementor-tab-title-7838\" class=\"elementor-tab-title\" data-tab=\"8\" role=\"button\" aria-controls=\"elementor-tab-content-7838\" aria-expanded=\"false\">\n\t\t\t\t\t\t\t\t\t\t\t\t<span class=\"elementor-toggle-icon elementor-toggle-icon-left\" aria-hidden=\"true\">\n\t\t\t\t\t\t\t\t\t\t\t\t\t\t\t<span class=\"elementor-toggle-icon-closed\"><i class=\"fas fa-caret-right\"><\/i><\/span>\n\t\t\t\t\t\t\t\t<span class=\"elementor-toggle-icon-opened\"><i class=\"elementor-toggle-icon-opened fas fa-caret-up\"><\/i><\/span>\n\t\t\t\t\t\t\t\t\t\t\t\t\t<\/span>\n\t\t\t\t\t\t\t\t\t\t\t\t<a class=\"elementor-toggle-title\" tabindex=\"0\">SUGGESTIONS DE REPAS<\/a>\n\t\t\t\t\t<\/div>\n\n\t\t\t\t\t<div id=\"elementor-tab-content-7838\" class=\"elementor-tab-content elementor-clearfix\" data-tab=\"8\" role=\"region\" aria-labelledby=\"elementor-tab-title-7838\"><div class=\"collapsibles-wrapper collapsibles-wrapper--border-bottom\"><div id=\"Product-content-meal-suggestion-6808476123336-6808476123336\" class=\"collapsible-content collapsible-content--all is-open\"><div class=\"collapsible-content__inner rte\"><div class=\"collapsibles-wrapper collapsibles-wrapper--border-bottom\"><div id=\"Product-content-meal-suggestion-2-6808475795656-6808475795656\" class=\"collapsible-content collapsible-content--all is-open\"><div class=\"collapsible-content__inner rte\"><div class=\"collapsibles-wrapper collapsibles-wrapper--border-bottom\"><div id=\"Product-content-meal-suggestion-9-6886250119368-6886250119368\" class=\"collapsible-content collapsible-content--all is-open\"><div class=\"collapsible-content__inner rte\"><div class=\"span4 widget-span widget-type-custom_widget dnd_area-module-5-padding dnd-module dnd_area-module-5-vertical-alignment\" data-widget-type=\"custom_widget\" data-x=\"4\" data-w=\"4\"><div id=\"hs_cos_wrapper_dnd_area-module-5\" class=\"hs_cos_wrapper hs_cos_wrapper_widget hs_cos_wrapper_type_module widget-type-rich_text\" data-hs-cos-general-type=\"widget\" data-hs-cos-type=\"module\"><main class=\"body-container-wrapper\"><div class=\"container-fluid body-container body-container--about\"><div class=\"row-fluid-wrapper\"><div class=\"row-fluid\"><div class=\"span12 widget-span widget-type-cell \" data-widget-type=\"cell\" data-x=\"0\" data-w=\"12\"><div class=\"row-fluid-wrapper row-depth-1 row-number-3 dnd_area-row-2-padding dnd-section dnd_area-row-2-vertical-alignment\"><div class=\"row-fluid \"><div class=\"span8 widget-span widget-type-custom_widget dnd_area-module-3-padding dnd-module dnd_area-module-3-vertical-alignment\" data-widget-type=\"custom_widget\" data-x=\"4\" data-w=\"8\"><div id=\"hs_cos_wrapper_dnd_area-module-3\" class=\"hs_cos_wrapper hs_cos_wrapper_widget hs_cos_wrapper_type_module widget-type-rich_text\" data-hs-cos-general-type=\"widget\" data-hs-cos-type=\"module\"><p>Viande rouge grill\u00e9e, fromage.<\/p><\/div><\/div><\/div><\/div><\/div><\/div><\/div><\/div><\/main><\/div><\/div><\/div><\/div><\/div><\/div><\/div><\/div><\/div><\/div><\/div><\/div>\n\t\t\t\t<\/div>\n\t\t\t\t\t\t\t\t<\/div>\n\t\t\t\t\t\t<\/div>\n\t\t\t\t<\/div>\n\t\t\t\t\t<\/div>\n\t\t<\/div>\n\t\t\t\t\t<\/div>\n\t\t<\/section>\n\t\t\t\t<section class=\"elementor-section elementor-top-section elementor-element elementor-element-6329de2 elementor-section-boxed elementor-section-height-default elementor-section-height-default\" data-id=\"6329de2\" data-element_type=\"section\" data-e-type=\"section\" data-settings=\"{&quot;_ha_eqh_enable&quot;:false}\">\n\t\t\t\t\t\t<div class=\"elementor-container elementor-column-gap-default\">\n\t\t\t\t\t<div class=\"elementor-column elementor-col-100 elementor-top-column elementor-element elementor-element-7997fd7\" data-id=\"7997fd7\" data-element_type=\"column\" data-e-type=\"column\">\n\t\t\t<div class=\"elementor-widget-wrap elementor-element-populated\">\n\t\t\t\t\t\t<div class=\"elementor-element elementor-element-d854778 elementor-widget elementor-widget-text-editor\" data-id=\"d854778\" data-element_type=\"widget\" data-e-type=\"widget\" data-widget_type=\"text-editor.default\">\n\t\t\t\t<div class=\"elementor-widget-container\">\n\t\t\t\t\t\t\t\t\t<p>De la <a href=\"https:\/\/faulknerwine.com\/fr\/jules\/nos-vins\/\">Collection Jules<\/a><\/p>\t\t\t\t\t\t\t\t<\/div>\n\t\t\t\t<\/div>\n\t\t\t\t\t<\/div>\n\t\t<\/div>\n\t\t\t\t\t<\/div>\n\t\t<\/section>\n\t\t\t\t<\/div>\n\t\t","protected":false},"excerpt":{"rendered":"<p>JULES Cabernet Sauvignon IGP Pays d&rsquo;Oc Red Le nez annonce un Cabernet Sauvignon tr\u00e8s m\u00fbr avec un m\u00e9lange complexe d&rsquo;\u00e9pices et de fruits noirs. L&rsquo;attaque est ronde avec des tanins fins offrant une finale \u00e9tonnamment soyeuse pour un jeune Cabernet. TERROIR Argilo-calcaire \u00e0 170 m\u00e8tres d&#8217;altitude. CLIMAT 2014 a \u00e9t\u00e9 particuli\u00e8rement chaud et sec avec [&hellip;]<\/p>\n","protected":false},"author":2,"featured_media":0,"parent":7541,"menu_order":0,"comment_status":"closed","ping_status":"closed","template":"","meta":{"om_disable_all_campaigns":false,"footnotes":""},"class_list":["post-7623","page","type-page","status-publish","hentry"],"_links":{"self":[{"href":"https:\/\/faulknerwine.com\/fr\/wp-json\/wp\/v2\/pages\/7623","targetHints":{"allow":["GET"]}}],"collection":[{"href":"https:\/\/faulknerwine.com\/fr\/wp-json\/wp\/v2\/pages"}],"about":[{"href":"https:\/\/faulknerwine.com\/fr\/wp-json\/wp\/v2\/types\/page"}],"author":[{"embeddable":true,"href":"https:\/\/faulknerwine.com\/fr\/wp-json\/wp\/v2\/users\/2"}],"replies":[{"embeddable":true,"href":"https:\/\/faulknerwine.com\/fr\/wp-json\/wp\/v2\/comments?post=7623"}],"version-history":[{"count":0,"href":"https:\/\/faulknerwine.com\/fr\/wp-json\/wp\/v2\/pages\/7623\/revisions"}],"up":[{"embeddable":true,"href":"https:\/\/faulknerwine.com\/fr\/wp-json\/wp\/v2\/pages\/7541"}],"wp:attachment":[{"href":"https:\/\/faulknerwine.com\/fr\/wp-json\/wp\/v2\/media?parent=7623"}],"curies":[{"name":"wp","href":"https:\/\/api.w.org\/{rel}","templated":true}]}}